{"id":15,"date":"2024-09-11T23:11:27","date_gmt":"2024-09-11T23:11:27","guid":{"rendered":"https:\/\/ghislaineriendeau.com\/?page_id=15"},"modified":"2026-04-20T14:09:05","modified_gmt":"2026-04-20T14:09:05","slug":"a-propos","status":"publish","type":"page","link":"https:\/\/ghislaineriendeau.com\/?page_id=15","title":{"rendered":"\u00c0 propos"},"content":{"rendered":"\t\t<div data-elementor-type=\"wp-page\" data-elementor-id=\"15\" class=\"elementor elementor-15\">\n\t\t\t\t<div class=\"elementor-element elementor-element-3e6ccd9c e-flex e-con-boxed e-con e-parent\" data-id=\"3e6ccd9c\" data-element_type=\"container\">\n\t\t\t\t\t<div class=\"e-con-inner\">\n\t\t\t\t<div class=\"elementor-element elementor-element-60ecbe1d elementor-widget elementor-widget-text-editor\" data-id=\"60ecbe1d\" data-element_type=\"widget\" data-widget_type=\"text-editor.default\">\n\t\t\t\t<div class=\"elementor-widget-container\">\n\t\t\t\t\t\t\t<div class=\"section-wrapper\" data-id=\"qz36UY\">\n<section class=\"wp-block-gutenverse-section guten-element guten-section guten-qz36UY layout-boxed align-stretch\">\n<div class=\"guten-container guten-column-gap-default\">\n<p><!-- wp:gutenverse\/column {\"width\":{\"Desktop\":100},\"elementId\":\"guten-VD8KzC\"} --><\/p>\n<div class=\"wp-block-gutenverse-column guten-element guten-column guten-VD8KzC\">\n<div class=\"guten-column-wrapper\" data-id=\"VD8KzC\">\n<p><!-- wp:gutenverse\/advanced-heading {\"elementId\":\"guten-EDznjq\",\"text\":\"\\u003cstrong\\u003eMENTIONS, VITRINES, AFFILIATIONS\\u003c\/strong\\u003e\",\"focusText\":\"\",\"subText\":\"\"} --><\/p>\n<div class=\"guten-element guten-advanced-heading guten-EDznjq\">\n<div class=\"heading-section \">\n<div class=\"heading-line before\">&nbsp;<\/div>\n<h2 class=\"heading-title\"><span class=\"heading-title\"><strong>MENTIONS, VITRINES, AFFILIATIONS<\/strong><\/span><\/h2>\n<\/div>\n<\/div>\n<p><!-- \/wp:gutenverse\/advanced-heading --><\/p>\n<p><!-- wp:paragraph --><\/p>\n<p>Finaliste Concours Mus\u00e9e Marius Barbeau, MRC de L\u00e9vis, 2020<br><strong>Premier prix Concours d&rsquo;oeuvres d&rsquo;art de Diffusion Culturelle L\u00e9vis, 2020<br><\/strong>Publicit\u00e9 Magazin\u2019Art printemps 2020<br>Finaliste&nbsp; Concours 2019 Galerie Louise Carrier, L\u00e9vis<br>Prix du jury th\u00e9matique *Blanc* Symposium Artistes sur le Champ, Chambly, 2016<br><strong>Collection de la ville de Montmagny<br>Collection de la ville de L\u00e9vis<br><\/strong>La Soci\u00e9t\u00e9 V.I.A. L\u00e9vis (3 toiles)<br>Caisse Desjardins de la Chaudi\u00e8re St-Nicolas (10 toiles expos\u00e9es)<br>Centre de R\u00e9adaptation En D\u00e9ficience Physique Chaudi\u00e8re- Appalaches<br>Projet Interculturel, Ville de L\u00e9vis, septembre-octobre 2019<br><strong>Vente aux ench\u00e8res d\u2019\u0153uvres d\u2019art, Diffusion Culturelle de L\u00e9vis, 2014-15-18-19-20-21-22-23-24-25<br><\/strong>Association des artistes de la Rive-Sud<br>Vice-pr\u00e9sidente de l\u2019Association des Artistes de la Rive-Sud 2012-2016<\/p>\n<p><!-- \/wp:paragraph --><\/p>\n<p><!-- wp:gutenverse\/advanced-heading {\"elementId\":\"guten-8kXKLO\",\"text\":\"\\u003cstrong\\u003eFORMATIONS\\u003c\/strong\\u003e\",\"focusText\":\"\",\"subText\":\"\"} --><\/p>\n<div class=\"guten-element guten-advanced-heading guten-8kXKLO\">\n<div class=\"heading-section \">\n<div class=\"heading-line before\">&nbsp;<\/div>\n<h2 class=\"heading-title\"><span class=\"heading-title\"><strong>FORMATIONS<\/strong><\/span><\/h2>\n<\/div>\n<\/div>\n<p><!-- \/wp:gutenverse\/advanced-heading --><\/p>\n<p><!-- wp:paragraph --><\/p>\n<p>Nathalie St-Pierre artiste en arts visuels, enseignante L\u00e9vis<br>Noella Dionne artiste en cr\u00e9ation artistique, enseignante Qu\u00e9bec<br>Claire Lamarre, artiste peintre, enseignante Univ. 3e age Laval, Qu\u00e9bec<br>Nathalie St-Pierre, artiste en arts visuels, enseignante L\u00e9vis<br>\u00c9tude sur la grands maitres qu\u00e9b\u00e9cois Mus\u00e9e des Beaux -Arts Qu\u00e9bec<br>Albini Leblanc, artiste peintre<br>Viviane Gruais, artiste en arts visuels, galeriste L\u00e9vis<br>Gabriel Lalonde, artiste autodidacte, po\u00e8te de l\u2019Art, Qu\u00e9bec<br>Alex,artiste peintre repr\u00e9sent\u00e9e par la galerie Zen, Qu\u00e9bec<br>Genevi\u00e8ve Ricard, artiste en arts visuels<\/p>\n<p><!-- \/wp:paragraph --><\/p>\n<p><!-- wp:gutenverse\/advanced-heading {\"elementId\":\"guten-69OZIM\",\"text\":\"\\u003cstrong\\u003eSYMPOSIUMS\\u003c\/strong\\u003e\",\"focusText\":\"\",\"subText\":\"\"} --><\/p>\n<div class=\"guten-element guten-advanced-heading guten-69OZIM\">\n<div class=\"heading-section \">\n<div class=\"heading-line before\">&nbsp;<\/div>\n<h2 class=\"heading-title\"><span class=\"heading-title\"><strong>SYMPOSIUMS<\/strong><\/span><\/h2>\n<\/div>\n<\/div>\n<p><!-- \/wp:gutenverse\/advanced-heading --><\/p>\n<p><!-- wp:paragraph --><\/p>\n<p><em><span style=\"text-align: var(--text-align); color: var(--sydney-text-color);\">Symposium AAPARS, Centre Guy Dupr\u00e9 Laprairie, avril 2025, Centre Dulude St-Bruno octobre 2025<\/span><br>Festival des Arts Valleyfield, juillet 2022<\/em><em><br>Symposium Provincial des Villages en Couleurs, Petit-Saguenay, oct. 2021-2022-2024<\/em><br>Symposium d&rsquo;Art Contemporain de Rivi\u00e8re-\u00c9ternit\u00e9, octobre 2019<br>Symposium Visit&rsquo;Arts, Boul. Champlain, Qu\u00e9bec, juin 2019<br>Domaine Maizerets, Qu\u00e9bec, 2018<br>Symposium Couleurs Urbaines, Granby, 2017<br>Rendez-vous Art Contemporain, St-Augustin,2016<br>Symposium Artistes sur le champ, Chambly, 2016-2017<br>Village en Arts St-Nicolas, 2011-12-14-15-18-19<br>Symposium de peinture de Boischatel, 2015<br>Symposium Cr\u00e9ativit\u00e9s Beauceronnes, Notre-Dame des Pins, 2014<br>Symposium de la Fondation H\u00e9l\u00e8ne-Sentenne, Candiac, 2014<br>Symposium Arts Visuels du Parc des Chenaux, Trois-Rivi\u00e8res, 2014<br>Symposium St-Hubert, Rive-sud de Montr\u00e9al ,&nbsp;2013<br>D\u00e9couvr&rsquo;Arts Cap Rouge, 2012-13<br>Symposium Beaumont, &nbsp;2013-2023<br>\u00c9veil en Arts Galeries de la Capitale, Qu\u00e9bec, &nbsp;2012<br>Symposium Arts et Rives, Lac-Etchemin, 2012<br>M\u00e9c\u00e9n&rsquo;Art, rue Cartier, Qu\u00e9bec, &nbsp;2012<br>Symposium du Sous-Bois, AARS, L\u00e9vis, 2010-11-12<br>Symposium de Peinture Galeries de St-Hyacinthe, &nbsp;2012<br>Symposium&nbsp; Passion&rsquo;Arts, AARS, L\u00e9vis&nbsp; 2011<br>Journ\u00e9es de la culture, Ville de L\u00e9vis, &nbsp;2010-14<\/p>\n<p><!-- \/wp:paragraph --><\/p>\n<p><!-- wp:gutenverse\/advanced-heading {\"elementId\":\"guten-T3CJPv\",\"text\":\"\\u003cstrong\\u003eEXPOSITIONS\\u003c\/strong\\u003e\",\"focusText\":\"\",\"subText\":\"\"} --><\/p>\n<div class=\"guten-element guten-advanced-heading guten-T3CJPv\">\n<div class=\"heading-section \">\n<div class=\"heading-line before\">&nbsp;<\/div>\n<h2 class=\"heading-title\"><span class=\"heading-title\"><strong>EXPOSITIONS<\/strong><\/span><\/h2>\n<\/div>\n<\/div>\n<p><!-- \/wp:gutenverse\/advanced-heading --><\/p>\n<p><!-- wp:paragraph --><\/p>\n<p><strong>Galerie Espace-Temps L\u00e9vis septembre \u00e0 octobre 2024<br>Galerie Le Vivoir St-Jean-Port-Joli, depuis mars 2024<br><\/strong><strong>March\u00e9 de Noel, Galerie Espace-Temps, L\u00e9vis novembre 2023 &#8211; f\u00e9vrier 2024<\/strong><strong><br><\/strong><em>Exposition solo Galerie des Deux-Ponts, L\u00e9vis octobre-novembre 2023<\/em><strong><em><br><\/em><\/strong><em>Exposition solo, Maison Gomin, Qu\u00e9bec, 11 mai au 14 septembre 2022<\/em><em><br><em>Exposition *A l\u2019Origine*, centre culturel Bombardier, mai-ao\u00fbt 2021<\/em><br><em>Exposition solo, Corps de garde du Fort-Chambly, Chambly, septembre 2020<\/em><\/em><br>Biblioth\u00e8que Albert Rousseau, L\u00e9vis septembre \u00e0 d\u00e9cembre 2018<br>Biblioth\u00e8que de Montmagny, s\u00e9rie CN EXP&rsquo;ART, octobre 2017<br>Galerie d&rsquo;art Gruais Grondin, Place de la Cit\u00e9, Qu\u00e9bec, f\u00e9v., mars, avril 2017<br>Maison de la Culture de Bellechasse, St-Damien, avril 2017<br>Maison Thibault-Soulard, St-Augustin, mars 2017<br><span style=\"text-align: var(--text-align); color: var(--sydney-text-color);\">Biblioth\u00e8que F\u00e9lix Leclerc, Val Belair,&nbsp;d\u00e9cembre et janvier 2017<br><\/span><span style=\"text-align: var(--text-align); color: var(--sydney-text-color);\">Biblioth\u00e8que Marie-Victorin, L&rsquo;Ancienne-Lorette, novembre 2016<br>Biblioth\u00e8que L&rsquo;\u00c9crin, Lac Beauport, octobre 2016<br><\/span><span style=\"text-align: var(--text-align); color: var(--sydney-text-color);\">Maison O&rsquo;Neil, Qu\u00e9bec, sept. 2016<br><\/span><span style=\"text-align: var(--text-align); color: var(--sydney-text-color);\">Galerie Alfred-Pellan, Qu\u00e9bec, ao\u00fbt-septembre 2016<\/span><span style=\"text-align: var(--text-align); color: var(--sydney-text-color);\"><br><\/span><\/p>\n<p>Biblioth\u00e8que Christine Brouillet, Loretteville, juin 2016<br>Biblioth\u00e8que Roger Lemelin, Cap-Rouge , novembre 2015 \u00e0 janvier 2016<br>Centre Culturel Marie Fitzback, St-Georges de Beauce, sept-oct-nov&nbsp; 2015<br>Atelier-galerie La Travers\u00e9e, rue St-Louis, L\u00e9vis, juillet 2015<br>Centre des Congr\u00e8s L\u00e9vis, mai-juin-juillet 2015<br>Biblioth\u00e8que Edith Poir\u00e9, St Lambert,&nbsp; mai 2015<br>Biblioth\u00e8que Francine Mckenzie, St-Jean Chrysostome,&nbsp; mars-avril 2015<br>Galerie des Deux-Ponts St-Nicolas, sept. 2014, avril 2017<\/p>\n<p><!-- \/wp:paragraph --><\/p>\n<p><!-- wp:gutenverse\/advanced-heading {\"elementId\":\"guten-jkrck4\",\"text\":\"\\u003cstrong\\u003eEXPOSITIONS COLLECTIVES\\u003c\/strong\\u003e\",\"focusText\":\"\",\"subText\":\"\"} --><\/p>\n<div class=\"guten-element guten-advanced-heading guten-jkrck4\">\n<div class=\"heading-section \">\n<div class=\"heading-line before\">&nbsp;<\/div>\n<h2 class=\"heading-title\"><span class=\"heading-title\"><strong>EXPOSITIONS COLLECTIVES<\/strong><\/span><\/h2>\n<\/div>\n<\/div>\n<p><!-- \/wp:gutenverse\/advanced-heading --><\/p>\n<p><!-- wp:paragraph --><\/p>\n<p><strong>Centre culturel Marie-Fitzbach, St-Georges de Beauce, ao\u00fbt \u00e0 novembre 2023<\/strong><br>AARS, CAM L\u00e9vis, juin 2022-23<br>Biblioth\u00e8que Monique Corriveau, Qu\u00e9bec, novembre-d\u00e9cembre 2018<br>Palais Montcalm, Qu\u00e9bec, septembre-octobre 2018<br>Ch\u00e2teau Frontenac, Qu\u00e9bec, mai 2018<br>Espace Culturel du Quartier St-Nicolas, septembre 2017<br>Maison de la Culture de Bellechasse,&nbsp;mai 2016<br>AARS, biblioth\u00e8que J. Gosselin, Charny,janvier 2016<br>Mus\u00e9e Marius Barbeau, St-Joseph de Beauce, 2016, 2020<br>AARS, biblioth\u00e8que A.-Rousseau, St-\u00c9tienne, nov 2015, oct 2019<br>L&rsquo;art au vignoble, Vignoble Le Nordet, Pintendre, ao\u00fbt 2015<br>Presbyt\u00e8re St-Nicolas, septembre 2013, coup de coeur du public<br>L&rsquo;Art \u00e0 Laurier, 2013<br>M\u00e9c\u00e9n&rsquo;art, Centre d&rsquo;affaires Maizerets, 2013<br>Galerie d&rsquo;art des Deux-Ponts, St-Nicolas, collectif de l&rsquo;AARS, 2010-12-14-15-17-18-19-20-23<br>Presbyt\u00e8re Saint-Nicolas, collectif de l&rsquo;AARS, &nbsp;2012<br>Rallye Cultur&rsquo;Art au Centre des Congr\u00e8s, L\u00e9vis, &nbsp;2010, 2013<br>Centre Raymond-Blais, L\u00e9vis, collectif de l&rsquo;AARS, 2010<br>Salon du cadeau au Presbyt\u00e8re St-Nicolas, activit\u00e9 de l&rsquo;AARS, 2009<br>Encadrements N. Desrochers, St-Nicolas, 2006-2007<\/p>\n<p><!-- \/wp:paragraph --><\/p>\n<p><!-- wp:gutenverse\/advanced-heading {\"elementId\":\"guten-YiffX5\",\"text\":\"\\u003cstrong\\u003eATELIERS CR\u00c9ATIFS\\u003c\/strong\\u003e\",\"focusText\":\"\",\"subText\":\"\"} --><\/p>\n<div class=\"guten-element guten-advanced-heading guten-YiffX5\">\n<div class=\"heading-section \">\n<div class=\"heading-line before\">&nbsp;<\/div>\n<h2 class=\"heading-title\"><span class=\"heading-title\"><strong><br>ATELIERS CR\u00c9ATIFS<\/strong><\/span><\/h2>\n<\/div>\n<\/div>\n<p><!-- \/wp:gutenverse\/advanced-heading --><\/p>\n<p><!-- wp:paragraph --><\/p>\n<p><\/p>\n<p>Sur les Traces de Riopelle, Galerie des Deux-Ponts, mars 2026<br>Sur les Traces de Riopelle, centre Marie Fitzbach, St-Georges, septembre 2023<br>Moulin La Lorraine, L\u2019Art Rupestre, juillet 2023<br>Moulin La Lorraine, \u00c0 la Riopelle, mars 2023<br>Ville de L\u00e9vis, Traces de Riopelle, sept 2022 Journ\u00e9es de la Culture 2022<br>Maison O\u2019Neill, A la Riopelle, juillet 2022<\/p>\n<p><!-- \/wp:paragraph --><\/p>\n<p><!-- wp:gutenverse\/advanced-heading {\"elementId\":\"guten-u7rdhS\",\"text\":\"\\u003cstrong\\u003eCOURS PRIV\u00c9S\\u003c\/strong\\u003e\",\"focusText\":\"\",\"subText\":\"\"} --><\/p>\n<div class=\"guten-element guten-advanced-heading guten-u7rdhS\">\n<div class=\"heading-section \">\n<div class=\"heading-line before\">&nbsp;<\/div>\n<h2 class=\"heading-title\"><span class=\"heading-title\"><strong>COURS PRIV\u00c9S<\/strong><\/span><\/h2>\n<\/div>\n<\/div>\n<p><!-- \/wp:gutenverse\/advanced-heading --><\/p>\n<p><!-- wp:paragraph --><\/p>\n<p>Trois heures\/150$ &#8211; mat\u00e9riel inclus (m\u00e9dium acrylique, pinceaux, et autres)<br>Sauf la toile ou le canevas choisi pour peindre<\/p>\n<p><!-- \/wp:paragraph --><\/p>\n<\/div>\n<\/div>\n<p><!-- \/wp:gutenverse\/column --><\/p>\n<\/div>\n<\/section>\n<\/div>\n<p><!-- \/wp:gutenverse\/section --><\/p>\t\t\t\t\t\t<\/div>\n\t\t\t\t<\/div>\n\t\t\t\t<div class=\"elementor-element elementor-element-bb72a2b elementor-widget elementor-widget-text-editor\" data-id=\"bb72a2b\" data-element_type=\"widget\" data-widget_type=\"text-editor.default\">\n\t\t\t\t<div class=\"elementor-widget-container\">\n\t\t\t\t\t\t\t<div class=\"section-wrapper\" data-id=\"qz36UY\">\n<section class=\"wp-block-gutenverse-section guten-element guten-section guten-qz36UY layout-boxed align-stretch\">\n<div class=\"guten-container guten-column-gap-default\">\n<p><!-- wp:gutenverse\/column {\"width\":{\"Desktop\":100},\"elementId\":\"guten-VD8KzC\"} --><\/p>\n<div class=\"wp-block-gutenverse-column guten-element guten-column guten-VD8KzC\">\n<div class=\"guten-column-wrapper\" data-id=\"VD8KzC\">\n<p><!-- wp:gutenverse\/advanced-heading {\"elementId\":\"guten-EDznjq\",\"text\":\"\\u003cstrong\\u003eMENTIONS, VITRINES, AFFILIATIONS\\u003c\/strong\\u003e\",\"focusText\":\"\",\"subText\":\"\"} --><\/p>\n<div class=\"guten-element guten-advanced-heading guten-EDznjq\">\n<div class=\"heading-section \">\n<div class=\"heading-line before\">\u00a0<\/div>\n<h2 class=\"heading-title\"><span class=\"heading-title\"><strong>MENTIONS, VITRINES, AFFILIATIONS<\/strong><\/span><\/h2>\n<\/div>\n<\/div>\n<p><!-- \/wp:gutenverse\/advanced-heading --><\/p>\n<p><!-- wp:paragraph --><\/p>\n<p>Finaliste Concours Mus\u00e9e Marius Barbeau, MRC de L\u00e9vis, 2020<br \/><strong>Premier prix Concours d&rsquo;oeuvres d&rsquo;art de Diffusion Culturelle L\u00e9vis, 2020<br \/><\/strong>Publicit\u00e9 Magazin\u2019Art printemps 2020<br \/>Finaliste\u00a0 Concours 2019 Galerie Louise Carrier, L\u00e9vis<br \/>Prix du jury th\u00e9matique *Blanc* Symposium Artistes sur le Champ, Chambly, 2016<br \/><strong>Collection de la ville de Montmagny<br \/>Collection de la ville de L\u00e9vis<br \/><\/strong>La Soci\u00e9t\u00e9 V.I.A. L\u00e9vis (3 toiles)<br \/>Caisse Desjardins de la Chaudi\u00e8re St-Nicolas (10 toiles expos\u00e9es)<br \/>Centre de R\u00e9adaptation En D\u00e9ficience Physique Chaudi\u00e8re- Appalaches<br \/>Projet Interculturel, Ville de L\u00e9vis, septembre-octobre 2019<br \/><strong>Vente aux ench\u00e8res d\u2019\u0153uvres d\u2019art, Diffusion Culturelle de L\u00e9vis, 2014-15-18-19-20-21-22-23-24-25<br \/><\/strong>Association des artistes de la Rive-Sud<br \/>Vice-pr\u00e9sidente de l\u2019Association des Artistes de la Rive-Sud 2012-2016<\/p>\n<p><!-- \/wp:paragraph --><\/p>\n<p><!-- wp:gutenverse\/advanced-heading {\"elementId\":\"guten-8kXKLO\",\"text\":\"\\u003cstrong\\u003eFORMATIONS\\u003c\/strong\\u003e\",\"focusText\":\"\",\"subText\":\"\"} --><\/p>\n<div class=\"guten-element guten-advanced-heading guten-8kXKLO\">\n<div class=\"heading-section \">\n<div class=\"heading-line before\">\u00a0<\/div>\n<h2 class=\"heading-title\"><span class=\"heading-title\"><strong>FORMATIONS<\/strong><\/span><\/h2>\n<\/div>\n<\/div>\n<p><!-- \/wp:gutenverse\/advanced-heading --><\/p>\n<p><!-- wp:paragraph --><\/p>\n<p>Nathalie St-Pierre artiste en arts visuels, enseignante L\u00e9vis<br \/>Noella Dionne artiste en cr\u00e9ation artistique, enseignante Qu\u00e9bec<br \/>Claire Lamarre, artiste peintre, enseignante Univ. 3e age Laval, Qu\u00e9bec<br \/>Nathalie St-Pierre, artiste en arts visuels, enseignante L\u00e9vis<br \/>\u00c9tude sur la grands maitres qu\u00e9b\u00e9cois Mus\u00e9e des Beaux -Arts Qu\u00e9bec<br \/>Albini Leblanc, artiste peintre<br \/>Viviane Gruais, artiste en arts visuels, galeriste L\u00e9vis<br \/>Gabriel Lalonde, artiste autodidacte, po\u00e8te de l\u2019Art, Qu\u00e9bec<br \/>Alex,artiste peintre repr\u00e9sent\u00e9e par la galerie Zen, Qu\u00e9bec<br \/>Genevi\u00e8ve Ricard, artiste en arts visuels<\/p>\n<p><!-- \/wp:paragraph --><\/p>\n<p><!-- wp:gutenverse\/advanced-heading {\"elementId\":\"guten-69OZIM\",\"text\":\"\\u003cstrong\\u003eSYMPOSIUMS\\u003c\/strong\\u003e\",\"focusText\":\"\",\"subText\":\"\"} --><\/p>\n<div class=\"guten-element guten-advanced-heading guten-69OZIM\">\n<div class=\"heading-section \">\n<div class=\"heading-line before\">\u00a0<\/div>\n<h2 class=\"heading-title\"><span class=\"heading-title\"><strong>SYMPOSIUMS<\/strong><\/span><\/h2>\n<\/div>\n<\/div>\n<p><!-- \/wp:gutenverse\/advanced-heading --><\/p>\n<p><!-- wp:paragraph --><\/p>\n<p><em><span style=\"text-align: var(--text-align); color: var(--sydney-text-color);\">Symposium AAPARS, Centre Guy Dupr\u00e9 Laprairie, avril 2025, Centre Dulude St-Bruno octobre 2025<\/span><br \/>Festival des Arts Valleyfield, juillet 2022<\/em><em><br \/>Symposium Provincial des Villages en Couleurs, Petit-Saguenay, oct. 2021-2022-2024<\/em><br \/>Symposium d&rsquo;Art Contemporain de Rivi\u00e8re-\u00c9ternit\u00e9, octobre 2019<br \/>Symposium Visit&rsquo;Arts, Boul. Champlain, Qu\u00e9bec, juin 2019<br \/>Domaine Maizerets, Qu\u00e9bec, 2018<br \/>Symposium Couleurs Urbaines, Granby, 2017<br \/>Rendez-vous Art Contemporain, St-Augustin,2016<br \/>Symposium Artistes sur le champ, Chambly, 2016-2017<br \/>Village en Arts St-Nicolas, 2011-12-14-15-18-19<br \/>Symposium de peinture de Boischatel, 2015<br \/>Symposium Cr\u00e9ativit\u00e9s Beauceronnes, Notre-Dame des Pins, 2014<br \/>Symposium de la Fondation H\u00e9l\u00e8ne-Sentenne, Candiac, 2014<br \/>Symposium Arts Visuels du Parc des Chenaux, Trois-Rivi\u00e8res, 2014<br \/>Symposium St-Hubert, Rive-sud de Montr\u00e9al ,\u00a02013<br \/>D\u00e9couvr&rsquo;Arts Cap Rouge, 2012-13<br \/>Symposium Beaumont, \u00a02013-2023<br \/>\u00c9veil en Arts Galeries de la Capitale, Qu\u00e9bec, \u00a02012<br \/>Symposium Arts et Rives, Lac-Etchemin, 2012<br \/>M\u00e9c\u00e9n&rsquo;Art, rue Cartier, Qu\u00e9bec, \u00a02012<br \/>Symposium du Sous-Bois, AARS, L\u00e9vis, 2010-11-12<br \/>Symposium de Peinture Galeries de St-Hyacinthe, \u00a02012<br \/>Symposium\u00a0 Passion&rsquo;Arts, AARS, L\u00e9vis\u00a0 2011<br \/>Journ\u00e9es de la culture, Ville de L\u00e9vis, \u00a02010-14<\/p>\n<p><!-- \/wp:paragraph --><\/p>\n<p><!-- wp:gutenverse\/advanced-heading {\"elementId\":\"guten-T3CJPv\",\"text\":\"\\u003cstrong\\u003eEXPOSITIONS\\u003c\/strong\\u003e\",\"focusText\":\"\",\"subText\":\"\"} --><\/p>\n<div class=\"guten-element guten-advanced-heading guten-T3CJPv\">\n<div class=\"heading-section \">\n<div class=\"heading-line before\">\u00a0<\/div>\n<h2 class=\"heading-title\"><span class=\"heading-title\"><strong>EXPOSITIONS<\/strong><\/span><\/h2>\n<\/div>\n<\/div>\n<p><!-- \/wp:gutenverse\/advanced-heading --><\/p>\n<p><!-- wp:paragraph --><\/p>\n<p><strong>Galerie Espace-Temps L\u00e9vis septembre \u00e0 octobre 2024<br \/>Galerie Le Vivoir St-Jean-Port-Joly, mars \u00e0 d\u00e9cembre 2024<br \/><\/strong><strong>March\u00e9 de Noel, Galerie Espace-Temps, L\u00e9vis novembre 2023 &#8211; f\u00e9vrier 2024<\/strong><strong><br \/><\/strong><em>Exposition solo Galerie des Deux-Ponts, L\u00e9vis octobre-novembre 2023<\/em><strong><em><br \/><\/em><\/strong><em>Exposition solo, Maison Gomin, Qu\u00e9bec, 11 mai au 14 septembre 2022<\/em><em><br \/><em>Exposition *A l\u2019Origine*, centre culturel Bombardier, mai-ao\u00fbt 2021<\/em><br \/><em>Exposition solo, Corps de garde du Fort-Chambly, Chambly, septembre 2020<\/em><\/em><br \/>Biblioth\u00e8que Albert Rousseau, L\u00e9vis septembre \u00e0 d\u00e9cembre 2018<br \/>Biblioth\u00e8que de Montmagny, s\u00e9rie CN EXP&rsquo;ART, octobre 2017<br \/>Galerie d&rsquo;art Gruais Grondin, Place de la Cit\u00e9, Qu\u00e9bec, f\u00e9v., mars, avril 2017<br \/>Maison de la Culture de Bellechasse, St-Damien, avril 2017<br \/>Maison Thibault-Soulard, St-Augustin, mars 2017<br \/><span style=\"text-align: var(--text-align); color: var(--sydney-text-color);\">Biblioth\u00e8que F\u00e9lix Leclerc, Val Belair,\u00a0d\u00e9cembre et janvier 2017<br \/><\/span><span style=\"text-align: var(--text-align); color: var(--sydney-text-color);\">Biblioth\u00e8que Marie-Victorin, L&rsquo;Ancienne-Lorette, novembre 2016<br \/>Biblioth\u00e8que L&rsquo;\u00c9crin, Lac Beauport, octobre 2016<br \/><\/span><span style=\"text-align: var(--text-align); color: var(--sydney-text-color);\">Maison O&rsquo;Neil, Qu\u00e9bec, sept. 2016<br \/><\/span><span style=\"text-align: var(--text-align); color: var(--sydney-text-color);\">Galerie Alfred-Pellan, Qu\u00e9bec, ao\u00fbt-septembre 2016<\/span><span style=\"text-align: var(--text-align); color: var(--sydney-text-color);\"><br \/><\/span><\/p>\n<p>Biblioth\u00e8que Christine Brouillet, Loretteville, juin 2016<br \/>Biblioth\u00e8que Roger Lemelin, Cap-Rouge , novembre 2015 \u00e0 janvier 2016<br \/>Centre Culturel Marie Fitzback, St-Georges de Beauce, sept-oct-nov\u00a0 2015<br \/>Atelier-galerie La Travers\u00e9e, rue St-Louis, L\u00e9vis, juillet 2015<br \/>Centre des Congr\u00e8s L\u00e9vis, mai-juin-juillet 2015<br \/>Biblioth\u00e8que Edith Poir\u00e9, St Lambert,\u00a0 mai 2015<br \/>Biblioth\u00e8que Francine Mckenzie, St-Jean Chrysostome,\u00a0 mars-avril 2015<br \/>Galerie des Deux-Ponts St-Nicolas, sept. 2014, avril 2017<\/p>\n<p><!-- \/wp:paragraph --><\/p>\n<p><!-- wp:gutenverse\/advanced-heading {\"elementId\":\"guten-jkrck4\",\"text\":\"\\u003cstrong\\u003eEXPOSITIONS COLLECTIVES\\u003c\/strong\\u003e\",\"focusText\":\"\",\"subText\":\"\"} --><\/p>\n<div class=\"guten-element guten-advanced-heading guten-jkrck4\">\n<div class=\"heading-section \">\n<div class=\"heading-line before\">\u00a0<\/div>\n<h2 class=\"heading-title\"><span class=\"heading-title\"><strong>EXPOSITIONS COLLECTIVES<\/strong><\/span><\/h2>\n<\/div>\n<\/div>\n<p><!-- \/wp:gutenverse\/advanced-heading --><\/p>\n<p><!-- wp:paragraph --><\/p>\n<p><strong>Centre culturel Marie-Fitzbach, St-Georges de Beauce, ao\u00fbt \u00e0 novembre 2023<\/strong><br \/>AARS, CAM L\u00e9vis, juin 2022-23<br \/>Biblioth\u00e8que Monique Corriveau, Qu\u00e9bec, novembre-d\u00e9cembre 2018<br \/>Palais Montcalm, Qu\u00e9bec, septembre-octobre 2018<br \/>Ch\u00e2teau Frontenac, Qu\u00e9bec, mai 2018<br \/>Espace Culturel du Quartier St-Nicolas, septembre 2017<br \/>Maison de la Culture de Bellechasse,\u00a0mai 2016<br \/>AARS, biblioth\u00e8que J. Gosselin, Charny,janvier 2016<br \/>Mus\u00e9e Marius Barbeau, St-Joseph de Beauce, 2016, 2020<br \/>AARS, biblioth\u00e8que A.-Rousseau, St-\u00c9tienne, nov 2015, oct 2019<br \/>L&rsquo;art au vignoble, Vignoble Le Nordet, Pintendre, ao\u00fbt 2015<br \/>Presbyt\u00e8re St-Nicolas, septembre 2013, coup de coeur du public<br \/>L&rsquo;Art \u00e0 Laurier, 2013<br \/>M\u00e9c\u00e9n&rsquo;art, Centre d&rsquo;affaires Maizerets, 2013<br \/>Galerie d&rsquo;art des Deux-Ponts, St-Nicolas, collectif de l&rsquo;AARS, 2010-12-14-15-17-18-19-20-23<br \/>Presbyt\u00e8re Saint-Nicolas, collectif de l&rsquo;AARS, \u00a02012<br \/>Rallye Cultur&rsquo;Art au Centre des Congr\u00e8s, L\u00e9vis, \u00a02010, 2013<br \/>Centre Raymond-Blais, L\u00e9vis, collectif de l&rsquo;AARS, 2010<br \/>Salon du cadeau au Presbyt\u00e8re St-Nicolas, activit\u00e9 de l&rsquo;AARS, 2009<br \/>Encadrements N. Desrochers, St-Nicolas, 2006-2007<\/p>\n<p><!-- \/wp:paragraph --><\/p>\n<p><!-- wp:gutenverse\/advanced-heading {\"elementId\":\"guten-YiffX5\",\"text\":\"\\u003cstrong\\u003eATELIERS CR\u00c9ATIFS\\u003c\/strong\\u003e\",\"focusText\":\"\",\"subText\":\"\"} --><\/p>\n<div class=\"guten-element guten-advanced-heading guten-YiffX5\">\n<div class=\"heading-section \">\n<div class=\"heading-line before\">\u00a0<\/div>\n<h2 class=\"heading-title\"><span class=\"heading-title\"><strong>ATELIERS CR\u00c9ATIFS<\/strong><\/span><\/h2>\n<\/div>\n<\/div>\n<p><!-- \/wp:gutenverse\/advanced-heading --><\/p>\n<p><!-- wp:paragraph --><\/p>\n<p><br \/>Sur les Traces de Riopelle, centre Marie Fitzbach, St-Georges, septembre 2023<br \/>Moulin La Lorraine, L\u2019Art Rupestre, juillet 2023<br \/>Moulin La Lorraine, \u00c0 la Riopelle, mars 2023<br \/>Ville de L\u00e9vis, Traces de Riopelle, sept 2022 Journ\u00e9es de la Culture 2022<br \/>Maison O\u2019Neill, A la Riopelle, juillet 2022<\/p>\n<p><!-- \/wp:paragraph --><\/p>\n<p><!-- wp:gutenverse\/advanced-heading {\"elementId\":\"guten-u7rdhS\",\"text\":\"\\u003cstrong\\u003eCOURS PRIV\u00c9S\\u003c\/strong\\u003e\",\"focusText\":\"\",\"subText\":\"\"} --><\/p>\n<div class=\"guten-element guten-advanced-heading guten-u7rdhS\">\n<div class=\"heading-section \">\n<div class=\"heading-line before\">\u00a0<\/div>\n<h2 class=\"heading-title\"><span class=\"heading-title\"><strong>COURS PRIV\u00c9S<\/strong><\/span><\/h2>\n<\/div>\n<\/div>\n<p><!-- \/wp:gutenverse\/advanced-heading --><\/p>\n<p><!-- wp:paragraph --><\/p>\n<p>Trois heures\/150$ &#8211; mat\u00e9riel inclus (m\u00e9dium acrylique, pinceaux, et autres)<br \/>Sauf la toile ou le canevas choisi pour peindre<\/p>\n<p><!-- \/wp:paragraph --><\/p>\n<\/div>\n<\/div>\n<p><!-- \/wp:gutenverse\/column --><\/p>\n<\/div>\n<\/section>\n<\/div>\n<p><!-- \/wp:gutenverse\/section --><\/p>\t\t\t\t\t\t<\/div>\n\t\t\t\t<\/div>\n\t\t\t\t<div class=\"elementor-element elementor-element-67acecc elementor-widget elementor-widget-text-editor\" data-id=\"67acecc\" data-element_type=\"widget\" data-widget_type=\"text-editor.default\">\n\t\t\t\t<div class=\"elementor-widget-container\">\n\t\t\t\t\t\t\t<div class=\"section-wrapper\" data-id=\"qz36UY\">\n<section class=\"wp-block-gutenverse-section guten-element guten-section guten-qz36UY layout-boxed align-stretch\">\n<div class=\"guten-container guten-column-gap-default\">\n<p><!-- wp:gutenverse\/column {\"width\":{\"Desktop\":100},\"elementId\":\"guten-VD8KzC\"} --><\/p>\n<div class=\"wp-block-gutenverse-column guten-element guten-column guten-VD8KzC\">\n<div class=\"guten-column-wrapper\" data-id=\"VD8KzC\">\n<p><!-- wp:gutenverse\/advanced-heading {\"elementId\":\"guten-EDznjq\",\"text\":\"\\u003cstrong\\u003eMENTIONS, VITRINES, AFFILIATIONS\\u003c\/strong\\u003e\",\"focusText\":\"\",\"subText\":\"\"} --><\/p>\n<div class=\"guten-element guten-advanced-heading guten-EDznjq\">\n<div class=\"heading-section \">\n<div class=\"heading-line before\">\u00a0<\/div>\n<h2 class=\"heading-title\"><span class=\"heading-title\"><strong>MENTIONS, VITRINES, AFFILIATIONS<\/strong><\/span><\/h2>\n<\/div>\n<\/div>\n<p><!-- \/wp:gutenverse\/advanced-heading --><\/p>\n<p><!-- wp:paragraph --><\/p>\n<p>Finaliste Concours Mus\u00e9e Marius Barbeau, MRC de L\u00e9vis, 2020<br \/><strong>Premier prix Concours d&rsquo;oeuvres d&rsquo;art de Diffusion Culturelle L\u00e9vis, 2020<br \/><\/strong>Publicit\u00e9 Magazin\u2019Art printemps 2020<br \/>Finaliste\u00a0 Concours 2019 Galerie Louise Carrier, L\u00e9vis<br \/>Prix du jury th\u00e9matique *Blanc* Symposium Artistes sur le Champ, Chambly, 2016<br \/><strong>Collection de la ville de Montmagny<br \/>Collection de la ville de L\u00e9vis<br \/><\/strong>La Soci\u00e9t\u00e9 V.I.A. L\u00e9vis (3 toiles)<br \/>Caisse Desjardins de la Chaudi\u00e8re St-Nicolas (10 toiles expos\u00e9es)<br \/>Centre de R\u00e9adaptation En D\u00e9ficience Physique Chaudi\u00e8re- Appalaches<br \/>Projet Interculturel, Ville de L\u00e9vis, septembre-octobre 2019<br \/><strong>Vente aux ench\u00e8res d\u2019\u0153uvres d\u2019art, Diffusion Culturelle de L\u00e9vis, 2014-15-18-19-20-21-22-23-24-25<br \/><\/strong>Association des artistes de la Rive-Sud<br \/>Vice-pr\u00e9sidente de l\u2019Association des Artistes de la Rive-Sud 2012-2016<\/p>\n<p><!-- \/wp:paragraph --><\/p>\n<p><!-- wp:gutenverse\/advanced-heading {\"elementId\":\"guten-8kXKLO\",\"text\":\"\\u003cstrong\\u003eFORMATIONS\\u003c\/strong\\u003e\",\"focusText\":\"\",\"subText\":\"\"} --><\/p>\n<div class=\"guten-element guten-advanced-heading guten-8kXKLO\">\n<div class=\"heading-section \">\n<div class=\"heading-line before\">\u00a0<\/div>\n<h2 class=\"heading-title\"><span class=\"heading-title\"><strong>FORMATIONS<\/strong><\/span><\/h2>\n<\/div>\n<\/div>\n<p><!-- \/wp:gutenverse\/advanced-heading --><\/p>\n<p><!-- wp:paragraph --><\/p>\n<p>Nathalie St-Pierre artiste en arts visuels, enseignante L\u00e9vis<br \/>Noella Dionne artiste en cr\u00e9ation artistique, enseignante Qu\u00e9bec<br \/>Claire Lamarre, artiste peintre, enseignante Univ. 3e age Laval, Qu\u00e9bec<br \/>Nathalie St-Pierre, artiste en arts visuels, enseignante L\u00e9vis<br \/>\u00c9tude sur la grands maitres qu\u00e9b\u00e9cois Mus\u00e9e des Beaux -Arts Qu\u00e9bec<br \/>Albini Leblanc, artiste peintre<br \/>Viviane Gruais, artiste en arts visuels, galeriste L\u00e9vis<br \/>Gabriel Lalonde, artiste autodidacte, po\u00e8te de l\u2019Art, Qu\u00e9bec<br \/>Alex,artiste peintre repr\u00e9sent\u00e9e par la galerie Zen, Qu\u00e9bec<br \/>Genevi\u00e8ve Ricard, artiste en arts visuels<\/p>\n<p><!-- \/wp:paragraph --><\/p>\n<p><!-- wp:gutenverse\/advanced-heading {\"elementId\":\"guten-69OZIM\",\"text\":\"\\u003cstrong\\u003eSYMPOSIUMS\\u003c\/strong\\u003e\",\"focusText\":\"\",\"subText\":\"\"} --><\/p>\n<div class=\"guten-element guten-advanced-heading guten-69OZIM\">\n<div class=\"heading-section \">\n<div class=\"heading-line before\">\u00a0<\/div>\n<h2 class=\"heading-title\"><span class=\"heading-title\"><strong>SYMPOSIUMS<\/strong><\/span><\/h2>\n<\/div>\n<\/div>\n<p><!-- \/wp:gutenverse\/advanced-heading --><\/p>\n<p><!-- wp:paragraph --><\/p>\n<p><em><span style=\"text-align: var(--text-align); color: var(--sydney-text-color);\">Symposium AAPARS, Centre Guy Dupr\u00e9 Laprairie, avril 2025, Centre Dulude St-Bruno octobre 2025<\/span><br \/>Festival des Arts Valleyfield, juillet 2022<\/em><em><br \/>Symposium Provincial des Villages en Couleurs, Petit-Saguenay, oct. 2021-2022-2024<\/em><br \/>Symposium d&rsquo;Art Contemporain de Rivi\u00e8re-\u00c9ternit\u00e9, octobre 2019<br \/>Symposium Visit&rsquo;Arts, Boul. Champlain, Qu\u00e9bec, juin 2019<br \/>Domaine Maizerets, Qu\u00e9bec, 2018<br \/>Symposium Couleurs Urbaines, Granby, 2017<br \/>Rendez-vous Art Contemporain, St-Augustin,2016<br \/>Symposium Artistes sur le champ, Chambly, 2016-2017<br \/>Village en Arts St-Nicolas, 2011-12-14-15-18-19<br \/>Symposium de peinture de Boischatel, 2015<br \/>Symposium Cr\u00e9ativit\u00e9s Beauceronnes, Notre-Dame des Pins, 2014<br \/>Symposium de la Fondation H\u00e9l\u00e8ne-Sentenne, Candiac, 2014<br \/>Symposium Arts Visuels du Parc des Chenaux, Trois-Rivi\u00e8res, 2014<br \/>Symposium St-Hubert, Rive-sud de Montr\u00e9al ,\u00a02013<br \/>D\u00e9couvr&rsquo;Arts Cap Rouge, 2012-13<br \/>Symposium Beaumont, \u00a02013-2023<br \/>\u00c9veil en Arts Galeries de la Capitale, Qu\u00e9bec, \u00a02012<br \/>Symposium Arts et Rives, Lac-Etchemin, 2012<br \/>M\u00e9c\u00e9n&rsquo;Art, rue Cartier, Qu\u00e9bec, \u00a02012<br \/>Symposium du Sous-Bois, AARS, L\u00e9vis, 2010-11-12<br \/>Symposium de Peinture Galeries de St-Hyacinthe, \u00a02012<br \/>Symposium\u00a0 Passion&rsquo;Arts, AARS, L\u00e9vis\u00a0 2011<br \/>Journ\u00e9es de la culture, Ville de L\u00e9vis, \u00a02010-14<\/p>\n<p><!-- \/wp:paragraph --><\/p>\n<p><!-- wp:gutenverse\/advanced-heading {\"elementId\":\"guten-T3CJPv\",\"text\":\"\\u003cstrong\\u003eEXPOSITIONS\\u003c\/strong\\u003e\",\"focusText\":\"\",\"subText\":\"\"} --><\/p>\n<div class=\"guten-element guten-advanced-heading guten-T3CJPv\">\n<div class=\"heading-section \">\n<div class=\"heading-line before\">\u00a0<\/div>\n<h2 class=\"heading-title\"><span class=\"heading-title\"><strong>EXPOSITIONS<\/strong><\/span><\/h2>\n<\/div>\n<\/div>\n<p><!-- \/wp:gutenverse\/advanced-heading --><\/p>\n<p><!-- wp:paragraph --><\/p>\n<p><strong>Galerie Espace-Temps L\u00e9vis septembre \u00e0 octobre 2024<br \/>Galerie Le Vivoir St-Jean-Port-Joly, mars \u00e0 d\u00e9cembre 2024<br \/><\/strong><strong>March\u00e9 de Noel, Galerie Espace-Temps, L\u00e9vis novembre 2023 &#8211; f\u00e9vrier 2024<\/strong><strong><br \/><\/strong><em>Exposition solo Galerie des Deux-Ponts, L\u00e9vis octobre-novembre 2023<\/em><strong><em><br \/><\/em><\/strong><em>Exposition solo, Maison Gomin, Qu\u00e9bec, 11 mai au 14 septembre 2022<\/em><em><br \/><em>Exposition *A l\u2019Origine*, centre culturel Bombardier, mai-ao\u00fbt 2021<\/em><br \/><em>Exposition solo, Corps de garde du Fort-Chambly, Chambly, septembre 2020<\/em><\/em><br \/>Biblioth\u00e8que Albert Rousseau, L\u00e9vis septembre \u00e0 d\u00e9cembre 2018<br \/>Biblioth\u00e8que de Montmagny, s\u00e9rie CN EXP&rsquo;ART, octobre 2017<br \/>Galerie d&rsquo;art Gruais Grondin, Place de la Cit\u00e9, Qu\u00e9bec, f\u00e9v., mars, avril 2017<br \/>Maison de la Culture de Bellechasse, St-Damien, avril 2017<br \/>Maison Thibault-Soulard, St-Augustin, mars 2017<br \/><span style=\"text-align: var(--text-align); color: var(--sydney-text-color);\">Biblioth\u00e8que F\u00e9lix Leclerc, Val Belair,\u00a0d\u00e9cembre et janvier 2017<br \/><\/span><span style=\"text-align: var(--text-align); color: var(--sydney-text-color);\">Biblioth\u00e8que Marie-Victorin, L&rsquo;Ancienne-Lorette, novembre 2016<br \/>Biblioth\u00e8que L&rsquo;\u00c9crin, Lac Beauport, octobre 2016<br \/><\/span><span style=\"text-align: var(--text-align); color: var(--sydney-text-color);\">Maison O&rsquo;Neil, Qu\u00e9bec, sept. 2016<br \/><\/span><span style=\"text-align: var(--text-align); color: var(--sydney-text-color);\">Galerie Alfred-Pellan, Qu\u00e9bec, ao\u00fbt-septembre 2016<\/span><span style=\"text-align: var(--text-align); color: var(--sydney-text-color);\"><br \/><\/span><\/p>\n<p>Biblioth\u00e8que Christine Brouillet, Loretteville, juin 2016<br \/>Biblioth\u00e8que Roger Lemelin, Cap-Rouge , novembre 2015 \u00e0 janvier 2016<br \/>Centre Culturel Marie Fitzback, St-Georges de Beauce, sept-oct-nov\u00a0 2015<br \/>Atelier-galerie La Travers\u00e9e, rue St-Louis, L\u00e9vis, juillet 2015<br \/>Centre des Congr\u00e8s L\u00e9vis, mai-juin-juillet 2015<br \/>Biblioth\u00e8que Edith Poir\u00e9, St Lambert,\u00a0 mai 2015<br \/>Biblioth\u00e8que Francine Mckenzie, St-Jean Chrysostome,\u00a0 mars-avril 2015<br \/>Galerie des Deux-Ponts St-Nicolas, sept. 2014, avril 2017<\/p>\n<p><!-- \/wp:paragraph --><\/p>\n<p><!-- wp:gutenverse\/advanced-heading {\"elementId\":\"guten-jkrck4\",\"text\":\"\\u003cstrong\\u003eEXPOSITIONS COLLECTIVES\\u003c\/strong\\u003e\",\"focusText\":\"\",\"subText\":\"\"} --><\/p>\n<div class=\"guten-element guten-advanced-heading guten-jkrck4\">\n<div class=\"heading-section \">\n<div class=\"heading-line before\">\u00a0<\/div>\n<h2 class=\"heading-title\"><span class=\"heading-title\"><strong>EXPOSITIONS COLLECTIVES<\/strong><\/span><\/h2>\n<\/div>\n<\/div>\n<p><!-- \/wp:gutenverse\/advanced-heading --><\/p>\n<p><!-- wp:paragraph --><\/p>\n<p><strong>Centre culturel Marie-Fitzbach, St-Georges de Beauce, ao\u00fbt \u00e0 novembre 2023<\/strong><br \/>AARS, CAM L\u00e9vis, juin 2022-23<br \/>Biblioth\u00e8que Monique Corriveau, Qu\u00e9bec, novembre-d\u00e9cembre 2018<br \/>Palais Montcalm, Qu\u00e9bec, septembre-octobre 2018<br \/>Ch\u00e2teau Frontenac, Qu\u00e9bec, mai 2018<br \/>Espace Culturel du Quartier St-Nicolas, septembre 2017<br \/>Maison de la Culture de Bellechasse,\u00a0mai 2016<br \/>AARS, biblioth\u00e8que J. Gosselin, Charny,janvier 2016<br \/>Mus\u00e9e Marius Barbeau, St-Joseph de Beauce, 2016, 2020<br \/>AARS, biblioth\u00e8que A.-Rousseau, St-\u00c9tienne, nov 2015, oct 2019<br \/>L&rsquo;art au vignoble, Vignoble Le Nordet, Pintendre, ao\u00fbt 2015<br \/>Presbyt\u00e8re St-Nicolas, septembre 2013, coup de coeur du public<br \/>L&rsquo;Art \u00e0 Laurier, 2013<br \/>M\u00e9c\u00e9n&rsquo;art, Centre d&rsquo;affaires Maizerets, 2013<br \/>Galerie d&rsquo;art des Deux-Ponts, St-Nicolas, collectif de l&rsquo;AARS, 2010-12-14-15-17-18-19-20-23<br \/>Presbyt\u00e8re Saint-Nicolas, collectif de l&rsquo;AARS, \u00a02012<br \/>Rallye Cultur&rsquo;Art au Centre des Congr\u00e8s, L\u00e9vis, \u00a02010, 2013<br \/>Centre Raymond-Blais, L\u00e9vis, collectif de l&rsquo;AARS, 2010<br \/>Salon du cadeau au Presbyt\u00e8re St-Nicolas, activit\u00e9 de l&rsquo;AARS, 2009<br \/>Encadrements N. Desrochers, St-Nicolas, 2006-2007<\/p>\n<p><!-- \/wp:paragraph --><\/p>\n<p><!-- wp:gutenverse\/advanced-heading {\"elementId\":\"guten-YiffX5\",\"text\":\"\\u003cstrong\\u003eATELIERS CR\u00c9ATIFS\\u003c\/strong\\u003e\",\"focusText\":\"\",\"subText\":\"\"} --><\/p>\n<div class=\"guten-element guten-advanced-heading guten-YiffX5\">\n<div class=\"heading-section \">\n<div class=\"heading-line before\">\u00a0<\/div>\n<h2 class=\"heading-title\"><span class=\"heading-title\"><strong>ATELIERS CR\u00c9ATIFS<\/strong><\/span><\/h2>\n<\/div>\n<\/div>\n<p><!-- \/wp:gutenverse\/advanced-heading --><\/p>\n<p><!-- wp:paragraph --><\/p>\n<p><br \/>Sur les Traces de Riopelle, centre Marie Fitzbach, St-Georges, septembre 2023<br \/>Moulin La Lorraine, L\u2019Art Rupestre, juillet 2023<br \/>Moulin La Lorraine, \u00c0 la Riopelle, mars 2023<br \/>Ville de L\u00e9vis, Traces de Riopelle, sept 2022 Journ\u00e9es de la Culture 2022<br \/>Maison O\u2019Neill, A la Riopelle, juillet 2022<\/p>\n<p><!-- \/wp:paragraph --><\/p>\n<p><!-- wp:gutenverse\/advanced-heading {\"elementId\":\"guten-u7rdhS\",\"text\":\"\\u003cstrong\\u003eCOURS PRIV\u00c9S\\u003c\/strong\\u003e\",\"focusText\":\"\",\"subText\":\"\"} --><\/p>\n<div class=\"guten-element guten-advanced-heading guten-u7rdhS\">\n<div class=\"heading-section \">\n<div class=\"heading-line before\">\u00a0<\/div>\n<h2 class=\"heading-title\"><span class=\"heading-title\"><strong>COURS PRIV\u00c9S<\/strong><\/span><\/h2>\n<\/div>\n<\/div>\n<p><!-- \/wp:gutenverse\/advanced-heading --><\/p>\n<p><!-- wp:paragraph --><\/p>\n<p>Trois heures\/150$ &#8211; mat\u00e9riel inclus (m\u00e9dium acrylique, pinceaux, et autres)<br \/>Sauf la toile ou le canevas choisi pour peindre<\/p>\n<p><!-- \/wp:paragraph --><\/p>\n<\/div>\n<\/div>\n<p><!-- \/wp:gutenverse\/column --><\/p>\n<\/div>\n<\/section>\n<\/div>\n<p><!-- \/wp:gutenverse\/section --><\/p>\t\t\t\t\t\t<\/div>\n\t\t\t\t<\/div>\n\t\t\t\t\t<\/div>\n\t\t\t\t<\/div>\n\t\t\t\t<\/div>\n\t\t","protected":false},"excerpt":{"rendered":"<p>\u00a0 MENTIONS, VITRINES, AFFILIATIONS Finaliste Concours Mus\u00e9e Marius Barbeau, MRC de L\u00e9vis, 2020Premier prix Concours d&rsquo;oeuvres d&rsquo;art de Diffusion Culturelle L\u00e9vis, 2020Publicit\u00e9 [&hellip;]<\/p>\n","protected":false},"author":1,"featured_media":0,"parent":0,"menu_order":0,"comment_status":"closed","ping_status":"closed","template":"","meta":{"footnotes":""},"class_list":["post-15","page","type-page","status-publish","hentry"],"_links":{"self":[{"href":"https:\/\/ghislaineriendeau.com\/index.php?rest_route=\/wp\/v2\/pages\/15","targetHints":{"allow":["GET"]}}],"collection":[{"href":"https:\/\/ghislaineriendeau.com\/index.php?rest_route=\/wp\/v2\/pages"}],"about":[{"href":"https:\/\/ghislaineriendeau.com\/index.php?rest_route=\/wp\/v2\/types\/page"}],"author":[{"embeddable":true,"href":"https:\/\/ghislaineriendeau.com\/index.php?rest_route=\/wp\/v2\/users\/1"}],"replies":[{"embeddable":true,"href":"https:\/\/ghislaineriendeau.com\/index.php?rest_route=%2Fwp%2Fv2%2Fcomments&post=15"}],"version-history":[{"count":5,"href":"https:\/\/ghislaineriendeau.com\/index.php?rest_route=\/wp\/v2\/pages\/15\/revisions"}],"predecessor-version":[{"id":2758,"href":"https:\/\/ghislaineriendeau.com\/index.php?rest_route=\/wp\/v2\/pages\/15\/revisions\/2758"}],"wp:attachment":[{"href":"https:\/\/ghislaineriendeau.com\/index.php?rest_route=%2Fwp%2Fv2%2Fmedia&parent=15"}],"curies":[{"name":"wp","href":"https:\/\/api.w.org\/{rel}","templated":true}]}}